{"id":382,"date":"2017-10-09T19:32:47","date_gmt":"2017-10-09T17:32:47","guid":{"rendered":"http:\/\/www.stineseele.de\/?post_type=jetpack-portfolio&#038;p=382"},"modified":"2017-10-14T21:54:52","modified_gmt":"2017-10-14T19:54:52","slug":"cafe-am-suedtor","status":"publish","type":"jetpack-portfolio","link":"https:\/\/www.stineseele.de\/steuerberatung\/portfolio\/cafe-am-suedtor\/","title":{"rendered":"Caf\u00e9 am S\u00fcdtor"},"content":{"rendered":"<p>Samstags und sonntags von 14:00 bis 18.00 ge\u00f6ffnet<\/p>\n","protected":false},"excerpt":{"rendered":"<p>Samstags und sonntags von 14:00 bis 18.00 ge\u00f6ffnet<\/p>\n","protected":false},"author":1,"featured_media":347,"comment_status":"open","ping_status":"closed","template":"","format":"standard","meta":{"jetpack_post_was_ever_published":false,"footnotes":"","jetpack_publicize_message":"","jetpack_publicize_feature_enabled":true,"jetpack_social_post_already_shared":true,"jetpack_social_options":{"image_generator_settings":{"template":"highway","default_image_id":0,"font":"","enabled":false},"version":2}},"jetpack-portfolio-type":[],"jetpack-portfolio-tag":[],"class_list":["post-382","jetpack-portfolio","type-jetpack-portfolio","status-publish","format-standard","has-post-thumbnail","hentry"],"yoast_head":"<!-- This site is optimized with the Yoast SEO plugin v27.3 - https:\/\/yoast.com\/product\/yoast-seo-wordpress\/ -->\n<title>Caf\u00e9 am S\u00fcdtor - Stine Seele<\/title>\n<meta name=\"robots\" content=\"index, follow, max-snippet:-1, max-image-preview:large, max-video-preview:-1\" \/>\n<link rel=\"canonical\" href=\"https:\/\/www.stineseele.de\/steuerberatung\/portfolio\/cafe-am-suedtor\/\" \/>\n<meta property=\"og:locale\" content=\"de_DE\" \/>\n<meta property=\"og:type\" content=\"article\" \/>\n<meta property=\"og:title\" content=\"Caf\u00e9 am S\u00fcdtor - Stine Seele\" \/>\n<meta property=\"og:description\" content=\"Samstags und sonntags von 14:00 bis 18.00 ge\u00f6ffnet\" \/>\n<meta property=\"og:url\" content=\"https:\/\/www.stineseele.de\/steuerberatung\/portfolio\/cafe-am-suedtor\/\" \/>\n<meta property=\"og:site_name\" content=\"Stine Seele\" \/>\n<meta property=\"article:modified_time\" content=\"2017-10-14T19:54:52+00:00\" \/>\n<meta property=\"og:image\" content=\"https:\/\/i0.wp.com\/www.stineseele.de\/wp-content\/uploads\/2017\/03\/DSCN1196.jpg?fit=2448%2C3264&ssl=1\" \/>\n\t<meta property=\"og:image:width\" content=\"2448\" \/>\n\t<meta property=\"og:image:height\" content=\"3264\" \/>\n\t<meta property=\"og:image:type\" content=\"image\/jpeg\" \/>\n<meta name=\"twitter:card\" content=\"summary_large_image\" \/>\n<meta name=\"twitter:site\" content=\"@stineseele\" \/>\n<script type=\"application\/ld+json\" class=\"yoast-schema-graph\">{\"@context\":\"https:\\\/\\\/schema.org\",\"@graph\":[{\"@type\":\"WebPage\",\"@id\":\"https:\\\/\\\/www.stineseele.de\\\/steuerberatung\\\/portfolio\\\/cafe-am-suedtor\\\/\",\"url\":\"https:\\\/\\\/www.stineseele.de\\\/steuerberatung\\\/portfolio\\\/cafe-am-suedtor\\\/\",\"name\":\"Caf\u00e9 am S\u00fcdtor - Stine Seele\",\"isPartOf\":{\"@id\":\"https:\\\/\\\/www.stineseele.de\\\/steuerberatung\\\/#website\"},\"primaryImageOfPage\":{\"@id\":\"https:\\\/\\\/www.stineseele.de\\\/steuerberatung\\\/portfolio\\\/cafe-am-suedtor\\\/#primaryimage\"},\"image\":{\"@id\":\"https:\\\/\\\/www.stineseele.de\\\/steuerberatung\\\/portfolio\\\/cafe-am-suedtor\\\/#primaryimage\"},\"thumbnailUrl\":\"https:\\\/\\\/i0.wp.com\\\/www.stineseele.de\\\/wp-content\\\/uploads\\\/2017\\\/03\\\/DSCN1196.jpg?fit=2448%2C3264&ssl=1\",\"datePublished\":\"2017-10-09T17:32:47+00:00\",\"dateModified\":\"2017-10-14T19:54:52+00:00\",\"breadcrumb\":{\"@id\":\"https:\\\/\\\/www.stineseele.de\\\/steuerberatung\\\/portfolio\\\/cafe-am-suedtor\\\/#breadcrumb\"},\"inLanguage\":\"de\",\"potentialAction\":[{\"@type\":\"ReadAction\",\"target\":[\"https:\\\/\\\/www.stineseele.de\\\/steuerberatung\\\/portfolio\\\/cafe-am-suedtor\\\/\"]}]},{\"@type\":\"ImageObject\",\"inLanguage\":\"de\",\"@id\":\"https:\\\/\\\/www.stineseele.de\\\/steuerberatung\\\/portfolio\\\/cafe-am-suedtor\\\/#primaryimage\",\"url\":\"https:\\\/\\\/i0.wp.com\\\/www.stineseele.de\\\/wp-content\\\/uploads\\\/2017\\\/03\\\/DSCN1196.jpg?fit=2448%2C3264&ssl=1\",\"contentUrl\":\"https:\\\/\\\/i0.wp.com\\\/www.stineseele.de\\\/wp-content\\\/uploads\\\/2017\\\/03\\\/DSCN1196.jpg?fit=2448%2C3264&ssl=1\",\"width\":2448,\"height\":3264,\"caption\":\"Ausstellung im Caf\u00e9 am S\u00fcdtor\"},{\"@type\":\"BreadcrumbList\",\"@id\":\"https:\\\/\\\/www.stineseele.de\\\/steuerberatung\\\/portfolio\\\/cafe-am-suedtor\\\/#breadcrumb\",\"itemListElement\":[{\"@type\":\"ListItem\",\"position\":1,\"name\":\"Startseite\",\"item\":\"https:\\\/\\\/www.stineseele.de\\\/steuerberatung\\\/\"},{\"@type\":\"ListItem\",\"position\":2,\"name\":\"Projekte\",\"item\":\"https:\\\/\\\/www.stineseele.de\\\/steuerberatung\\\/portfolio\\\/\"},{\"@type\":\"ListItem\",\"position\":3,\"name\":\"Caf\u00e9 am S\u00fcdtor\"}]},{\"@type\":\"WebSite\",\"@id\":\"https:\\\/\\\/www.stineseele.de\\\/steuerberatung\\\/#website\",\"url\":\"https:\\\/\\\/www.stineseele.de\\\/steuerberatung\\\/\",\"name\":\"Stine Seele\",\"description\":\"Ich gestalte, also bin ich.\",\"publisher\":{\"@id\":\"https:\\\/\\\/www.stineseele.de\\\/steuerberatung\\\/#\\\/schema\\\/person\\\/df30d70fe16387b70c8f8462d28c6025\"},\"potentialAction\":[{\"@type\":\"SearchAction\",\"target\":{\"@type\":\"EntryPoint\",\"urlTemplate\":\"https:\\\/\\\/www.stineseele.de\\\/steuerberatung\\\/?s={search_term_string}\"},\"query-input\":{\"@type\":\"PropertyValueSpecification\",\"valueRequired\":true,\"valueName\":\"search_term_string\"}}],\"inLanguage\":\"de\"},{\"@type\":[\"Person\",\"Organization\"],\"@id\":\"https:\\\/\\\/www.stineseele.de\\\/steuerberatung\\\/#\\\/schema\\\/person\\\/df30d70fe16387b70c8f8462d28c6025\",\"name\":\"Stine Seele\",\"image\":{\"@type\":\"ImageObject\",\"inLanguage\":\"de\",\"@id\":\"https:\\\/\\\/www.stineseele.de\\\/wp-content\\\/uploads\\\/2016\\\/08\\\/Galvatarfoto-Kopie-4-902x1024.jpg\",\"url\":\"https:\\\/\\\/www.stineseele.de\\\/wp-content\\\/uploads\\\/2016\\\/08\\\/Galvatarfoto-Kopie-4-902x1024.jpg\",\"contentUrl\":\"https:\\\/\\\/www.stineseele.de\\\/wp-content\\\/uploads\\\/2016\\\/08\\\/Galvatarfoto-Kopie-4-902x1024.jpg\",\"width\":902,\"height\":1024,\"caption\":\"Stine Seele\"},\"logo\":{\"@id\":\"https:\\\/\\\/www.stineseele.de\\\/wp-content\\\/uploads\\\/2016\\\/08\\\/Galvatarfoto-Kopie-4-902x1024.jpg\"}}]}<\/script>\n<!-- \/ Yoast SEO plugin. -->","yoast_head_json":{"title":"Caf\u00e9 am S\u00fcdtor - Stine Seele","robots":{"index":"index","follow":"follow","max-snippet":"max-snippet:-1","max-image-preview":"max-image-preview:large","max-video-preview":"max-video-preview:-1"},"canonical":"https:\/\/www.stineseele.de\/steuerberatung\/portfolio\/cafe-am-suedtor\/","og_locale":"de_DE","og_type":"article","og_title":"Caf\u00e9 am S\u00fcdtor - Stine Seele","og_description":"Samstags und sonntags von 14:00 bis 18.00 ge\u00f6ffnet","og_url":"https:\/\/www.stineseele.de\/steuerberatung\/portfolio\/cafe-am-suedtor\/","og_site_name":"Stine Seele","article_modified_time":"2017-10-14T19:54:52+00:00","og_image":[{"width":2448,"height":3264,"url":"https:\/\/i0.wp.com\/www.stineseele.de\/wp-content\/uploads\/2017\/03\/DSCN1196.jpg?fit=2448%2C3264&ssl=1","type":"image\/jpeg"}],"twitter_card":"summary_large_image","twitter_site":"@stineseele","schema":{"@context":"https:\/\/schema.org","@graph":[{"@type":"WebPage","@id":"https:\/\/www.stineseele.de\/steuerberatung\/portfolio\/cafe-am-suedtor\/","url":"https:\/\/www.stineseele.de\/steuerberatung\/portfolio\/cafe-am-suedtor\/","name":"Caf\u00e9 am S\u00fcdtor - Stine Seele","isPartOf":{"@id":"https:\/\/www.stineseele.de\/steuerberatung\/#website"},"primaryImageOfPage":{"@id":"https:\/\/www.stineseele.de\/steuerberatung\/portfolio\/cafe-am-suedtor\/#primaryimage"},"image":{"@id":"https:\/\/www.stineseele.de\/steuerberatung\/portfolio\/cafe-am-suedtor\/#primaryimage"},"thumbnailUrl":"https:\/\/i0.wp.com\/www.stineseele.de\/wp-content\/uploads\/2017\/03\/DSCN1196.jpg?fit=2448%2C3264&ssl=1","datePublished":"2017-10-09T17:32:47+00:00","dateModified":"2017-10-14T19:54:52+00:00","breadcrumb":{"@id":"https:\/\/www.stineseele.de\/steuerberatung\/portfolio\/cafe-am-suedtor\/#breadcrumb"},"inLanguage":"de","potentialAction":[{"@type":"ReadAction","target":["https:\/\/www.stineseele.de\/steuerberatung\/portfolio\/cafe-am-suedtor\/"]}]},{"@type":"ImageObject","inLanguage":"de","@id":"https:\/\/www.stineseele.de\/steuerberatung\/portfolio\/cafe-am-suedtor\/#primaryimage","url":"https:\/\/i0.wp.com\/www.stineseele.de\/wp-content\/uploads\/2017\/03\/DSCN1196.jpg?fit=2448%2C3264&ssl=1","contentUrl":"https:\/\/i0.wp.com\/www.stineseele.de\/wp-content\/uploads\/2017\/03\/DSCN1196.jpg?fit=2448%2C3264&ssl=1","width":2448,"height":3264,"caption":"Ausstellung im Caf\u00e9 am S\u00fcdtor"},{"@type":"BreadcrumbList","@id":"https:\/\/www.stineseele.de\/steuerberatung\/portfolio\/cafe-am-suedtor\/#breadcrumb","itemListElement":[{"@type":"ListItem","position":1,"name":"Startseite","item":"https:\/\/www.stineseele.de\/steuerberatung\/"},{"@type":"ListItem","position":2,"name":"Projekte","item":"https:\/\/www.stineseele.de\/steuerberatung\/portfolio\/"},{"@type":"ListItem","position":3,"name":"Caf\u00e9 am S\u00fcdtor"}]},{"@type":"WebSite","@id":"https:\/\/www.stineseele.de\/steuerberatung\/#website","url":"https:\/\/www.stineseele.de\/steuerberatung\/","name":"Stine Seele","description":"Ich gestalte, also bin ich.","publisher":{"@id":"https:\/\/www.stineseele.de\/steuerberatung\/#\/schema\/person\/df30d70fe16387b70c8f8462d28c6025"},"potentialAction":[{"@type":"SearchAction","target":{"@type":"EntryPoint","urlTemplate":"https:\/\/www.stineseele.de\/steuerberatung\/?s={search_term_string}"},"query-input":{"@type":"PropertyValueSpecification","valueRequired":true,"valueName":"search_term_string"}}],"inLanguage":"de"},{"@type":["Person","Organization"],"@id":"https:\/\/www.stineseele.de\/steuerberatung\/#\/schema\/person\/df30d70fe16387b70c8f8462d28c6025","name":"Stine Seele","image":{"@type":"ImageObject","inLanguage":"de","@id":"https:\/\/www.stineseele.de\/wp-content\/uploads\/2016\/08\/Galvatarfoto-Kopie-4-902x1024.jpg","url":"https:\/\/www.stineseele.de\/wp-content\/uploads\/2016\/08\/Galvatarfoto-Kopie-4-902x1024.jpg","contentUrl":"https:\/\/www.stineseele.de\/wp-content\/uploads\/2016\/08\/Galvatarfoto-Kopie-4-902x1024.jpg","width":902,"height":1024,"caption":"Stine Seele"},"logo":{"@id":"https:\/\/www.stineseele.de\/wp-content\/uploads\/2016\/08\/Galvatarfoto-Kopie-4-902x1024.jpg"}}]}},"jetpack_publicize_connections":[],"jetpack_sharing_enabled":true,"jetpack-related-posts":[{"id":380,"url":"https:\/\/www.stineseele.de\/steuerberatung\/portfolio\/benthe\/","url_meta":{"origin":382,"position":0},"title":"Benthe","author":"Stine Seele","date":"9. Oktober 2017","format":false,"excerpt":"Ausstellung im \"Mein St\u00fcbchen\" - Bistro in Ronnenberg-Benthe im Jul.\/Aug. 2015 Mehr Informationen zu Ausstellungen und Bildern unter http:\/\/www.stines-galerie.de \u00a0","rel":"","context":"\u00c4hnlicher Beitrag","block_context":{"text":"\u00c4hnlicher Beitrag","link":""},"img":{"alt_text":"LuL-Minis und Aquacolor","src":"https:\/\/i0.wp.com\/www.stineseele.de\/wp-content\/uploads\/2016\/08\/LuL-Minis-und-Aquacolor.jpg?fit=1200%2C856&ssl=1&resize=350%2C200","width":350,"height":200,"srcset":"https:\/\/i0.wp.com\/www.stineseele.de\/wp-content\/uploads\/2016\/08\/LuL-Minis-und-Aquacolor.jpg?fit=1200%2C856&ssl=1&resize=350%2C200 1x, https:\/\/i0.wp.com\/www.stineseele.de\/wp-content\/uploads\/2016\/08\/LuL-Minis-und-Aquacolor.jpg?fit=1200%2C856&ssl=1&resize=525%2C300 1.5x, https:\/\/i0.wp.com\/www.stineseele.de\/wp-content\/uploads\/2016\/08\/LuL-Minis-und-Aquacolor.jpg?fit=1200%2C856&ssl=1&resize=700%2C400 2x, https:\/\/i0.wp.com\/www.stineseele.de\/wp-content\/uploads\/2016\/08\/LuL-Minis-und-Aquacolor.jpg?fit=1200%2C856&ssl=1&resize=1050%2C600 3x"},"classes":[]},{"id":381,"url":"https:\/\/www.stineseele.de\/steuerberatung\/portfolio\/deutsche-rentenversichungsanstalt\/","url_meta":{"origin":382,"position":1},"title":"Deutsche Rentenversichungsanstalt","author":"Stine Seele","date":"9. Oktober 2017","format":false,"excerpt":"Ausstellung in der Rentenversicherungsanstalt in Hannover-Laatzen im Jan.\/Feb. 2010 Mehr Informationen zu Ausstellungen und Bildern finden Sie\u00a0hier.","rel":"","context":"\u00c4hnlicher Beitrag","block_context":{"text":"\u00c4hnlicher Beitrag","link":""},"img":{"alt_text":"","src":"https:\/\/i0.wp.com\/www.stineseele.de\/wp-content\/uploads\/2017\/03\/20100115_10.jpg?fit=1200%2C900&ssl=1&resize=350%2C200","width":350,"height":200,"srcset":"https:\/\/i0.wp.com\/www.stineseele.de\/wp-content\/uploads\/2017\/03\/20100115_10.jpg?fit=1200%2C900&ssl=1&resize=350%2C200 1x, https:\/\/i0.wp.com\/www.stineseele.de\/wp-content\/uploads\/2017\/03\/20100115_10.jpg?fit=1200%2C900&ssl=1&resize=525%2C300 1.5x, https:\/\/i0.wp.com\/www.stineseele.de\/wp-content\/uploads\/2017\/03\/20100115_10.jpg?fit=1200%2C900&ssl=1&resize=700%2C400 2x, https:\/\/i0.wp.com\/www.stineseele.de\/wp-content\/uploads\/2017\/03\/20100115_10.jpg?fit=1200%2C900&ssl=1&resize=1050%2C600 3x"},"classes":[]}],"jetpack_likes_enabled":true,"_links":{"self":[{"href":"https:\/\/www.stineseele.de\/steuerberatung\/wp-json\/wp\/v2\/jetpack-portfolio\/382","targetHints":{"allow":["GET"]}}],"collection":[{"href":"https:\/\/www.stineseele.de\/steuerberatung\/wp-json\/wp\/v2\/jetpack-portfolio"}],"about":[{"href":"https:\/\/www.stineseele.de\/steuerberatung\/wp-json\/wp\/v2\/types\/jetpack-portfolio"}],"author":[{"embeddable":true,"href":"https:\/\/www.stineseele.de\/steuerberatung\/wp-json\/wp\/v2\/users\/1"}],"replies":[{"embeddable":true,"href":"https:\/\/www.stineseele.de\/steuerberatung\/wp-json\/wp\/v2\/comments?post=382"}],"version-history":[{"count":0,"href":"https:\/\/www.stineseele.de\/steuerberatung\/wp-json\/wp\/v2\/jetpack-portfolio\/382\/revisions"}],"wp:featuredmedia":[{"embeddable":true,"href":"https:\/\/www.stineseele.de\/steuerberatung\/wp-json\/wp\/v2\/media\/347"}],"wp:attachment":[{"href":"https:\/\/www.stineseele.de\/steuerberatung\/wp-json\/wp\/v2\/media?parent=382"}],"wp:term":[{"taxonomy":"jetpack-portfolio-type","embeddable":true,"href":"https:\/\/www.stineseele.de\/steuerberatung\/wp-json\/wp\/v2\/jetpack-portfolio-type?post=382"},{"taxonomy":"jetpack-portfolio-tag","embeddable":true,"href":"https:\/\/www.stineseele.de\/steuerberatung\/wp-json\/wp\/v2\/jetpack-portfolio-tag?post=382"}],"curies":[{"name":"wp","href":"https:\/\/api.w.org\/{rel}","templated":true}]}}