{"id":1004,"date":"2018-07-19T20:51:03","date_gmt":"2018-07-19T18:51:03","guid":{"rendered":"http:\/\/www.stineseele.de\/?page_id=1004"},"modified":"2020-02-23T12:34:19","modified_gmt":"2020-02-23T11:34:19","slug":"steuerberatung","status":"publish","type":"page","link":"https:\/\/www.stineseele.de\/steuerberatung\/steuerberatung\/","title":{"rendered":"STEUERBERATUNG"},"content":{"rendered":"<div id=\"su_slider_69f0a067bc8eb\" class=\"su-slider su-slider-centered su-slider-pages-yes su-slider-responsive-yes\" style=\"width:100%\" data-autoplay=\"3000\" data-speed=\"600\" data-mousewheel=\"true\"><div class=\"su-slider-slides\"><div class=\"su-slider-slide\"><a><img data-recalc-dims=\"1\" height=\"300\" width=\"600\" decoding=\"async\" src=\"https:\/\/i0.wp.com\/www.stineseele.de\/wp-content\/uploads\/2018\/06\/img_20180630_185922663052669.jpg?resize=600%2C300&#038;ssl=1\" alt=\"Allas\" \/><span class=\"su-slider-slide-title\">Allas<\/span><\/a><\/div><div class=\"su-slider-slide\"><a><img data-recalc-dims=\"1\" height=\"300\" width=\"600\" decoding=\"async\" src=\"https:\/\/i0.wp.com\/www.stineseele.de\/wp-content\/uploads\/2018\/06\/img_20180630_185901467802840.jpg?resize=600%2C300&#038;ssl=1\" alt=\"DS_I und II\" \/><span class=\"su-slider-slide-title\">DS_I und II<\/span><\/a><\/div><div class=\"su-slider-slide\"><a><img data-recalc-dims=\"1\" height=\"300\" width=\"600\" decoding=\"async\" src=\"https:\/\/i0.wp.com\/www.stineseele.de\/wp-content\/uploads\/2018\/06\/img_20180630_190028251804545.jpg?resize=600%2C300&#038;ssl=1\" alt=\"Premium20130211\" \/><span class=\"su-slider-slide-title\">Premium20130211<\/span><\/a><\/div><div class=\"su-slider-slide\"><a><img data-recalc-dims=\"1\" height=\"300\" width=\"600\" decoding=\"async\" src=\"https:\/\/i0.wp.com\/www.stineseele.de\/wp-content\/uploads\/2018\/06\/img_20180630_1858421252283229.jpg?resize=600%2C300&#038;ssl=1\" alt=\"Eumz und \u00d6mmes\" \/><span class=\"su-slider-slide-title\">Eumz und \u00d6mmes<\/span><\/a><\/div><div class=\"su-slider-slide\"><a><img data-recalc-dims=\"1\" height=\"300\" width=\"600\" decoding=\"async\" src=\"https:\/\/i0.wp.com\/www.stineseele.de\/wp-content\/uploads\/2018\/06\/img_20180630_1858201619317662.jpg?resize=600%2C300&#038;ssl=1\" alt=\"G\u00e4nsebl\u00fcmchen\" \/><span class=\"su-slider-slide-title\">G\u00e4nsebl\u00fcmchen<\/span><\/a><\/div><div class=\"su-slider-slide\"><a><img data-recalc-dims=\"1\" height=\"300\" width=\"600\" decoding=\"async\" src=\"https:\/\/i0.wp.com\/www.stineseele.de\/wp-content\/uploads\/2018\/06\/img_20180630_185745892482367.jpg?resize=600%2C300&#038;ssl=1\" alt=\"Dieterimschnee\" \/><span class=\"su-slider-slide-title\">Dieterimschnee<\/span><\/a><\/div><div class=\"su-slider-slide\"><a><img data-recalc-dims=\"1\" height=\"300\" width=\"600\" decoding=\"async\" src=\"https:\/\/i0.wp.com\/www.stineseele.de\/wp-content\/uploads\/2018\/06\/img_20180630_1507261266808991.jpg?resize=600%2C300&#038;ssl=1\" alt=\"Hirnscheibenvorfall\" \/><span class=\"su-slider-slide-title\">Hirnscheibenvorfall<\/span><\/a><\/div><div class=\"su-slider-slide\"><a><img data-recalc-dims=\"1\" height=\"300\" width=\"600\" decoding=\"async\" src=\"https:\/\/i0.wp.com\/www.stineseele.de\/wp-content\/uploads\/2018\/06\/img_20180630_19043576222934.jpg?resize=600%2C300&#038;ssl=1\" alt=\"BergOmDada und o.T.\" \/><span class=\"su-slider-slide-title\">BergOmDada und o.T.<\/span><\/a><\/div><div class=\"su-slider-slide\"><a><img data-recalc-dims=\"1\" height=\"300\" width=\"600\" decoding=\"async\" src=\"https:\/\/i0.wp.com\/www.stineseele.de\/wp-content\/uploads\/2018\/06\/img_20180630_1904561683509614.jpg?resize=600%2C300&#038;ssl=1\" alt=\"Ameisenb\u00e4rsplash\" \/><span class=\"su-slider-slide-title\">Ameisenb\u00e4rsplash<\/span><\/a><\/div><div class=\"su-slider-slide\"><a><img data-recalc-dims=\"1\" height=\"300\" width=\"600\" decoding=\"async\" src=\"https:\/\/i0.wp.com\/www.stineseele.de\/wp-content\/uploads\/2018\/06\/img_20180630_1859421792166786.jpg?resize=600%2C300&#038;ssl=1\" alt=\"Mini und Midi\" \/><span class=\"su-slider-slide-title\">Mini und Midi<\/span><\/a><\/div><div class=\"su-slider-slide\"><a><img data-recalc-dims=\"1\" height=\"300\" width=\"600\" decoding=\"async\" src=\"https:\/\/i0.wp.com\/www.stineseele.de\/wp-content\/uploads\/2018\/06\/img_20180630_185632653801921.jpg?resize=600%2C300&#038;ssl=1\" alt=\"m\u00e4nnerr\u00fcsselpopo\" \/><span class=\"su-slider-slide-title\">m\u00e4nnerr\u00fcsselpopo<\/span><\/a><\/div><div class=\"su-slider-slide\"><a><img data-recalc-dims=\"1\" height=\"300\" width=\"600\" decoding=\"async\" src=\"https:\/\/i0.wp.com\/www.stineseele.de\/wp-content\/uploads\/2018\/06\/img_20180630_190047220171630.jpg?resize=600%2C300&#038;ssl=1\" alt=\"Miau, der Herbst ist da\" \/><span class=\"su-slider-slide-title\">Miau, der Herbst ist da<\/span><\/a><\/div><\/div><div class=\"su-slider-nav\"><div class=\"su-slider-direction\"><span class=\"su-slider-prev\"><\/span><span class=\"su-slider-next\"><\/span><\/div><div class=\"su-slider-pagination\"><\/div><\/div><\/div>\n<p>Ausstellung &#8222;Steuerberatung&#8220; &#8211; in Ronnenberg seit Juli 2018<\/p>\n<p>Mehr Informationen zu Ausstellungen und Bildern unter<\/p>\n<p><a href=\"http:\/\/www.stines-galerie.de\">http:\/\/www.stines-galerie.de<\/a><\/p>\n","protected":false},"excerpt":{"rendered":"<p>Ausstellung &#8222;Steuerberatung&#8220; &#8211; in Ronnenberg seit Juli 2018 Mehr Informationen zu Ausstellungen und Bildern unter http:\/\/www.stines-galerie.de<\/p>\n","protected":false},"author":1,"featured_media":0,"parent":0,"menu_order":0,"comment_status":"closed","ping_status":"closed","template":"page-templates\/full-width.php","meta":{"jetpack_post_was_ever_published":false,"footnotes":""},"class_list":["post-1004","page","type-page","status-publish","hentry"],"yoast_head":"<!-- This site is optimized with the Yoast SEO plugin v27.3 - https:\/\/yoast.com\/product\/yoast-seo-wordpress\/ -->\n<title>Steuerberatung - neue Ausstellung in Ronnenberg<\/title>\n<meta name=\"description\" content=\"Steuerberatung - Seit einigen Tagen h\u00e4ngen die Werke von Stine Seele in Ronnenberg in einer Steuerkanzlei. Weitere Infos zum Tag der offenen T\u00fcr folgen.\" \/>\n<meta name=\"robots\" content=\"index, follow, max-snippet:-1, max-image-preview:large, max-video-preview:-1\" \/>\n<link rel=\"canonical\" href=\"https:\/\/www.stineseele.de\/steuerberatung\/steuerberatung\/\" \/>\n<meta property=\"og:locale\" content=\"de_DE\" \/>\n<meta property=\"og:type\" content=\"article\" \/>\n<meta property=\"og:title\" content=\"Steuerberatung - neue Ausstellung in Ronnenberg\" \/>\n<meta property=\"og:description\" content=\"Steuerberatung - Seit einigen Tagen h\u00e4ngen die Werke von Stine Seele in Ronnenberg in einer Steuerkanzlei. Weitere Infos zum Tag der offenen T\u00fcr folgen.\" \/>\n<meta property=\"og:url\" content=\"https:\/\/www.stineseele.de\/steuerberatung\/steuerberatung\/\" \/>\n<meta property=\"og:site_name\" content=\"Stine Seele\" \/>\n<meta property=\"article:modified_time\" content=\"2020-02-23T11:34:19+00:00\" \/>\n<meta name=\"twitter:card\" content=\"summary_large_image\" \/>\n<meta name=\"twitter:site\" content=\"@stineseele\" \/>\n<script type=\"application\/ld+json\" class=\"yoast-schema-graph\">{\"@context\":\"https:\\\/\\\/schema.org\",\"@graph\":[{\"@type\":\"WebPage\",\"@id\":\"https:\\\/\\\/www.stineseele.de\\\/steuerberatung\\\/steuerberatung\\\/\",\"url\":\"https:\\\/\\\/www.stineseele.de\\\/steuerberatung\\\/steuerberatung\\\/\",\"name\":\"Steuerberatung - neue Ausstellung in Ronnenberg\",\"isPartOf\":{\"@id\":\"https:\\\/\\\/www.stineseele.de\\\/steuerberatung\\\/#website\"},\"datePublished\":\"2018-07-19T18:51:03+00:00\",\"dateModified\":\"2020-02-23T11:34:19+00:00\",\"description\":\"Steuerberatung - Seit einigen Tagen h\u00e4ngen die Werke von Stine Seele in Ronnenberg in einer Steuerkanzlei. Weitere Infos zum Tag der offenen T\u00fcr folgen.\",\"breadcrumb\":{\"@id\":\"https:\\\/\\\/www.stineseele.de\\\/steuerberatung\\\/steuerberatung\\\/#breadcrumb\"},\"inLanguage\":\"de\",\"potentialAction\":[{\"@type\":\"ReadAction\",\"target\":[\"https:\\\/\\\/www.stineseele.de\\\/steuerberatung\\\/steuerberatung\\\/\"]}]},{\"@type\":\"BreadcrumbList\",\"@id\":\"https:\\\/\\\/www.stineseele.de\\\/steuerberatung\\\/steuerberatung\\\/#breadcrumb\",\"itemListElement\":[{\"@type\":\"ListItem\",\"position\":1,\"name\":\"Startseite\",\"item\":\"https:\\\/\\\/www.stineseele.de\\\/steuerberatung\\\/\"},{\"@type\":\"ListItem\",\"position\":2,\"name\":\"STEUERBERATUNG\"}]},{\"@type\":\"WebSite\",\"@id\":\"https:\\\/\\\/www.stineseele.de\\\/steuerberatung\\\/#website\",\"url\":\"https:\\\/\\\/www.stineseele.de\\\/steuerberatung\\\/\",\"name\":\"Stine Seele\",\"description\":\"Ich gestalte, also bin ich.\",\"publisher\":{\"@id\":\"https:\\\/\\\/www.stineseele.de\\\/steuerberatung\\\/#\\\/schema\\\/person\\\/df30d70fe16387b70c8f8462d28c6025\"},\"potentialAction\":[{\"@type\":\"SearchAction\",\"target\":{\"@type\":\"EntryPoint\",\"urlTemplate\":\"https:\\\/\\\/www.stineseele.de\\\/steuerberatung\\\/?s={search_term_string}\"},\"query-input\":{\"@type\":\"PropertyValueSpecification\",\"valueRequired\":true,\"valueName\":\"search_term_string\"}}],\"inLanguage\":\"de\"},{\"@type\":[\"Person\",\"Organization\"],\"@id\":\"https:\\\/\\\/www.stineseele.de\\\/steuerberatung\\\/#\\\/schema\\\/person\\\/df30d70fe16387b70c8f8462d28c6025\",\"name\":\"Stine Seele\",\"image\":{\"@type\":\"ImageObject\",\"inLanguage\":\"de\",\"@id\":\"https:\\\/\\\/www.stineseele.de\\\/wp-content\\\/uploads\\\/2016\\\/08\\\/Galvatarfoto-Kopie-4-902x1024.jpg\",\"url\":\"https:\\\/\\\/www.stineseele.de\\\/wp-content\\\/uploads\\\/2016\\\/08\\\/Galvatarfoto-Kopie-4-902x1024.jpg\",\"contentUrl\":\"https:\\\/\\\/www.stineseele.de\\\/wp-content\\\/uploads\\\/2016\\\/08\\\/Galvatarfoto-Kopie-4-902x1024.jpg\",\"width\":902,\"height\":1024,\"caption\":\"Stine Seele\"},\"logo\":{\"@id\":\"https:\\\/\\\/www.stineseele.de\\\/wp-content\\\/uploads\\\/2016\\\/08\\\/Galvatarfoto-Kopie-4-902x1024.jpg\"}}]}<\/script>\n<!-- \/ Yoast SEO plugin. -->","yoast_head_json":{"title":"Steuerberatung - neue Ausstellung in Ronnenberg","description":"Steuerberatung - Seit einigen Tagen h\u00e4ngen die Werke von Stine Seele in Ronnenberg in einer Steuerkanzlei. Weitere Infos zum Tag der offenen T\u00fcr folgen.","robots":{"index":"index","follow":"follow","max-snippet":"max-snippet:-1","max-image-preview":"max-image-preview:large","max-video-preview":"max-video-preview:-1"},"canonical":"https:\/\/www.stineseele.de\/steuerberatung\/steuerberatung\/","og_locale":"de_DE","og_type":"article","og_title":"Steuerberatung - neue Ausstellung in Ronnenberg","og_description":"Steuerberatung - Seit einigen Tagen h\u00e4ngen die Werke von Stine Seele in Ronnenberg in einer Steuerkanzlei. Weitere Infos zum Tag der offenen T\u00fcr folgen.","og_url":"https:\/\/www.stineseele.de\/steuerberatung\/steuerberatung\/","og_site_name":"Stine Seele","article_modified_time":"2020-02-23T11:34:19+00:00","twitter_card":"summary_large_image","twitter_site":"@stineseele","schema":{"@context":"https:\/\/schema.org","@graph":[{"@type":"WebPage","@id":"https:\/\/www.stineseele.de\/steuerberatung\/steuerberatung\/","url":"https:\/\/www.stineseele.de\/steuerberatung\/steuerberatung\/","name":"Steuerberatung - neue Ausstellung in Ronnenberg","isPartOf":{"@id":"https:\/\/www.stineseele.de\/steuerberatung\/#website"},"datePublished":"2018-07-19T18:51:03+00:00","dateModified":"2020-02-23T11:34:19+00:00","description":"Steuerberatung - Seit einigen Tagen h\u00e4ngen die Werke von Stine Seele in Ronnenberg in einer Steuerkanzlei. Weitere Infos zum Tag der offenen T\u00fcr folgen.","breadcrumb":{"@id":"https:\/\/www.stineseele.de\/steuerberatung\/steuerberatung\/#breadcrumb"},"inLanguage":"de","potentialAction":[{"@type":"ReadAction","target":["https:\/\/www.stineseele.de\/steuerberatung\/steuerberatung\/"]}]},{"@type":"BreadcrumbList","@id":"https:\/\/www.stineseele.de\/steuerberatung\/steuerberatung\/#breadcrumb","itemListElement":[{"@type":"ListItem","position":1,"name":"Startseite","item":"https:\/\/www.stineseele.de\/steuerberatung\/"},{"@type":"ListItem","position":2,"name":"STEUERBERATUNG"}]},{"@type":"WebSite","@id":"https:\/\/www.stineseele.de\/steuerberatung\/#website","url":"https:\/\/www.stineseele.de\/steuerberatung\/","name":"Stine Seele","description":"Ich gestalte, also bin ich.","publisher":{"@id":"https:\/\/www.stineseele.de\/steuerberatung\/#\/schema\/person\/df30d70fe16387b70c8f8462d28c6025"},"potentialAction":[{"@type":"SearchAction","target":{"@type":"EntryPoint","urlTemplate":"https:\/\/www.stineseele.de\/steuerberatung\/?s={search_term_string}"},"query-input":{"@type":"PropertyValueSpecification","valueRequired":true,"valueName":"search_term_string"}}],"inLanguage":"de"},{"@type":["Person","Organization"],"@id":"https:\/\/www.stineseele.de\/steuerberatung\/#\/schema\/person\/df30d70fe16387b70c8f8462d28c6025","name":"Stine Seele","image":{"@type":"ImageObject","inLanguage":"de","@id":"https:\/\/www.stineseele.de\/wp-content\/uploads\/2016\/08\/Galvatarfoto-Kopie-4-902x1024.jpg","url":"https:\/\/www.stineseele.de\/wp-content\/uploads\/2016\/08\/Galvatarfoto-Kopie-4-902x1024.jpg","contentUrl":"https:\/\/www.stineseele.de\/wp-content\/uploads\/2016\/08\/Galvatarfoto-Kopie-4-902x1024.jpg","width":902,"height":1024,"caption":"Stine Seele"},"logo":{"@id":"https:\/\/www.stineseele.de\/wp-content\/uploads\/2016\/08\/Galvatarfoto-Kopie-4-902x1024.jpg"}}]}},"jetpack_sharing_enabled":true,"jetpack_shortlink":"https:\/\/wp.me\/P7LoCY-gc","jetpack-related-posts":[{"id":1452,"url":"https:\/\/www.stineseele.de\/steuerberatung\/cookie-richtlinie-eu\/","url_meta":{"origin":1004,"position":0},"title":"Cookie-Richtlinie (EU)","author":"Stine Seele","date":"18. Februar 2023","format":false,"excerpt":"","rel":"","context":"\u00c4hnlicher Beitrag","block_context":{"text":"\u00c4hnlicher Beitrag","link":""},"img":{"alt_text":"","src":"","width":0,"height":0},"classes":[]},{"id":1252,"url":"https:\/\/www.stineseele.de\/steuerberatung\/kontakt\/","url_meta":{"origin":1004,"position":1},"title":"KONTAKT","author":"Stine Seele","date":"20. September 2019","format":false,"excerpt":"Bitte treten Sie mit mir in Kontakt. Ich freue mich sehr \u00fcber eine Nachricht von Ihnen!","rel":"","context":"\u00c4hnlicher Beitrag","block_context":{"text":"\u00c4hnlicher Beitrag","link":""},"img":{"alt_text":"","src":"","width":0,"height":0},"classes":[]},{"id":325,"url":"https:\/\/www.stineseele.de\/steuerberatung\/cafe-caramel\/","url_meta":{"origin":1004,"position":2},"title":"CAF\u00c9 CARAMEL","author":"Stine Seele","date":"24. M\u00e4rz 2017","format":false,"excerpt":"Ausstellung im Caf\u00e9 Caramel in Hannover-Ricklingen von Januar bis April 2013 Mehr Informationen zu Ausstellungen und Bildern unter http:\/\/www.stines-galerie.de","rel":"","context":"\u00c4hnlicher Beitrag","block_context":{"text":"\u00c4hnlicher Beitrag","link":""},"img":{"alt_text":"","src":"","width":0,"height":0},"classes":[]},{"id":129,"url":"https:\/\/www.stineseele.de\/steuerberatung\/bistro-benthe\/","url_meta":{"origin":1004,"position":3},"title":"BISTRO-BENTHE","author":"Stine Seele","date":"13. August 2016","format":false,"excerpt":"Ausstellung im \"Mein St\u00fcbchen\" - Bistro in Ronnenberg-Benthe im Juli und August 2015 Mehr Informationen zu Ausstellungen und Bildern unter http:\/\/www.stines-galerie.de \u00a0","rel":"","context":"\u00c4hnlicher Beitrag","block_context":{"text":"\u00c4hnlicher Beitrag","link":""},"img":{"alt_text":"","src":"","width":0,"height":0},"classes":[]},{"id":257,"url":"https:\/\/www.stineseele.de\/steuerberatung\/deutsche-rentenversicherung\/","url_meta":{"origin":1004,"position":4},"title":"DEUTSCHE RENTENVERSICHERUNGSANSTALT","author":"Stine Seele","date":"19. M\u00e4rz 2017","format":false,"excerpt":"Ausstellung in der Rentenversicherungsanstalt in Hannover-Laatzen im Januar und Februar 2010 Mehr Informationen zu Ausstellungen und Bildern finden Sie\u00a0hier. http:\/\/www.stines-galerie.de\/","rel":"","context":"\u00c4hnlicher Beitrag","block_context":{"text":"\u00c4hnlicher Beitrag","link":""},"img":{"alt_text":"","src":"","width":0,"height":0},"classes":[]},{"id":320,"url":"https:\/\/www.stineseele.de\/steuerberatung\/elisabeth-selbert-haus\/","url_meta":{"origin":1004,"position":5},"title":"ELISABETH-SELBERT-HAUS","author":"Stine Seele","date":"24. M\u00e4rz 2017","format":false,"excerpt":"Ausstellung im Elisabeth-Selbert-Haus in Ronnenberg im September und Oktober 2009 Mehr Informationen zu Ausstellungen und Bildern unter http:\/\/www.stines-galerie.de","rel":"","context":"\u00c4hnlicher Beitrag","block_context":{"text":"\u00c4hnlicher Beitrag","link":""},"img":{"alt_text":"","src":"","width":0,"height":0},"classes":[]}],"jetpack_likes_enabled":true,"_links":{"self":[{"href":"https:\/\/www.stineseele.de\/steuerberatung\/wp-json\/wp\/v2\/pages\/1004","targetHints":{"allow":["GET"]}}],"collection":[{"href":"https:\/\/www.stineseele.de\/steuerberatung\/wp-json\/wp\/v2\/pages"}],"about":[{"href":"https:\/\/www.stineseele.de\/steuerberatung\/wp-json\/wp\/v2\/types\/page"}],"author":[{"embeddable":true,"href":"https:\/\/www.stineseele.de\/steuerberatung\/wp-json\/wp\/v2\/users\/1"}],"replies":[{"embeddable":true,"href":"https:\/\/www.stineseele.de\/steuerberatung\/wp-json\/wp\/v2\/comments?post=1004"}],"version-history":[{"count":6,"href":"https:\/\/www.stineseele.de\/steuerberatung\/wp-json\/wp\/v2\/pages\/1004\/revisions"}],"predecessor-version":[{"id":1534,"href":"https:\/\/www.stineseele.de\/steuerberatung\/wp-json\/wp\/v2\/pages\/1004\/revisions\/1534"}],"wp:attachment":[{"href":"https:\/\/www.stineseele.de\/steuerberatung\/wp-json\/wp\/v2\/media?parent=1004"}],"curies":[{"name":"wp","href":"https:\/\/api.w.org\/{rel}","templated":true}]}}